{"id":110,"date":"2026-01-15T12:24:01","date_gmt":"2026-01-15T11:24:01","guid":{"rendered":"https:\/\/emvitglobal.com\/impressum\/"},"modified":"2026-02-09T12:46:19","modified_gmt":"2026-02-09T11:46:19","slug":"impressum","status":"publish","type":"page","link":"https:\/\/emvitglobal.com\/de\/impressum\/","title":{"rendered":"Impressum"},"content":{"rendered":"\n<h2 class=\"wp-block-heading\">Daten des Verantwortlichen<\/h2>\n\n<p class=\"wp-block-paragraph\">In \u00dcbereinstimmung mit Artikel 10 des Gesetzes 34\/2002 vom 11. Juli \u00fcber die Dienste der Informationsgesellschaft und den elektronischen Gesch\u00e4ftsverkehr werden im Folgenden die Identifikationsdaten des Verantwortlichen aufgef\u00fchrt.<\/p>\n\n<p class=\"wp-block-paragraph\">Bezeichnung: <g id=\"gid_0\">EMVIT GLOBAL TECHNOLOGY SERVICES SL (EMVIT GLOBAL)<\/g><br\/>C.I.F.: B19797208<br\/>Sitz: Avda los Olmos, 1, Edif. D- IV B\u00fcro 142, 01013, Vitoria-Gasteiz (\u00c1lava-Araba)<br\/>Eingetragen im Handelsregister von \u00c1lava, Blatt VI-21801, Abschnitt -8, Ersteintragung.<br\/>E-Mail: mikel.ortega@emvitglobal.com<note from=\"otgs-segmenter\"><\/note>\n\nPropiedad intelectualGeistiges EigentumEl c\u00f3digo fuente, los dise\u00f1os gr\u00e1ficos, las im\u00e1genes, las fotograf\u00edas, los sonidos, las animaciones, el software, los textos, as\u00ed como la informaci\u00f3n y los contenidos que se recogen en el presente sitio web est\u00e1n protegidos por la legislaci\u00f3n espa\u00f1ola sobre los derechos de propiedad intelectual e industrial a favor de EMVIT GLOBAL y no se permite la reproducci\u00f3n y\/o publicaci\u00f3n, total o parcial, del sitio web, ni su tratamiento inform\u00e1tico, su distribuci\u00f3n, su difusi\u00f3n, ni su modificaci\u00f3n, transformaci\u00f3n o descompilaci\u00f3n, ni dem\u00e1s derechos reconocidos legalmente a su titular, sin el permiso previo y por escrito de EMVIT GLOBAL.<br\/>El usuario\/a, \u00fanica y exclusivamente, puede utilizar el material que aparezca en este sitio web para su uso personal y privado, quedando prohibido su uso con fines comerciales o para incurrir en actividades il\u00edcitas. Todos los derechos derivados de la propiedad intelectual est\u00e1n expresamente reservados a EMVIT GLOBAL.Der Quellcode, die grafischen Designs, die Bilder, die Fotografien, die T\u00f6ne, die Animationen, die Software, die Texte sowie die Informationen und Inhalte, die auf dieser Website enthalten sind, sind durch die spanische Gesetzgebung \u00fcber geistiges und gewerbliches Eigentum zugunsten von EMVIT GLOBAL gesch\u00fctzt, und die vollst\u00e4ndige oder teilweise Vervielf\u00e4ltigung und\/oder Ver\u00f6ffentlichung der Website, ihre Computerverarbeitung, ihre Verbreitung, ihre Ver\u00f6ffentlichung, ihre \u00c4nderung, Umwandlung oder Dekompilierung sowie andere Rechte, die ihrem Inhaber gesetzlich zustehen, sind ohne die vorherige schriftliche Genehmigung von EMVIT GLOBAL nicht gestattet.<br\/>Der\/die Nutzer\/in darf das auf dieser Website enthaltene Material ausschlie\u00dflich f\u00fcr den pers\u00f6nlichen und privaten Gebrauch verwenden, wobei die Nutzung zu kommerziellen Zwecken oder zur Aus\u00fcbung illegaler Aktivit\u00e4ten untersagt ist. Alle Rechte, die sich aus dem geistigen Eigentum ergeben, sind ausdr\u00fccklich EMVIT GLOBAL vorbehalten.EMVIT GLOBAL velar\u00e1 tanto por el cumplimiento de las anteriores condiciones como por la debida utilizaci\u00f3n de los contenidos presentados en sus p\u00e1ginas web, ejercit\u00e1ndose todas las acciones civiles y penales que le correspondan en el caso de infracci\u00f3n o incumplimiento de estos derechos por parte del usuario\/a.EMVIT GLOBAL wird sowohl die Einhaltung der vorstehenden Bedingungen als auch die ordnungsgem\u00e4\u00dfe Nutzung der auf ihren Webseiten pr\u00e4sentierten Inhalte \u00fcberwachen und alle zivil- und strafrechtlichen Schritte einleiten, die ihr im Falle eines Versto\u00dfes oder einer Nichteinhaltung dieser Rechte durch den\/die Nutzer\/in zustehen.Protecci\u00f3n de datos de car\u00e1cter personalSchutz personenbezogener DatenEncontrar\u00e1 informaci\u00f3n detallada sobre el tratamiento de sus datos en el apartado \u201cPol\u00edtica de Privacidad\u201d en esta misma web.Detaillierte Informationen \u00fcber die Verarbeitung Ihrer Daten finden Sie im Abschnitt \u201eDatenschutzrichtlinie\u201c auf dieser Website.VariosVerschiedenesA.- EMVIT GLOBAL podr\u00e1 modificar, sin previo aviso, la informaci\u00f3n contenida en su sitio web, as\u00ed como su configuraci\u00f3n y presentaci\u00f3n.A.- EMVIT GLOBAL kann die auf ihrer Website enthaltenen Informationen sowie deren Konfiguration und Darstellung ohne vorherige Ank\u00fcndigung \u00e4ndern.B.- EMVIT GLOBAL se compromete a trav\u00e9s de este medio a NO REALIZAR PUBLICIDAD ENGA\u00d1OSA. A estos efectos, por lo tanto, no ser\u00e1n considerados como publicidad enga\u00f1osa los errores formales o num\u00e9ricos que puedan encontrarse a lo largo del contenido de las distintas secciones de la web de EMVIT GLOBAL producidos como consecuencia de un mantenimiento y\/o actualizaci\u00f3n incompleta o defectuosa de la informaci\u00f3n contenida en estas secciones. EMVIT GLOBAL como consecuencia de lo dispuesto en este apartado, se compromete a corregirlo tan pronto como tenga conocimiento de dichos errores.B.- EMVIT GLOBAL verpflichtet sich, \u00fcber dieses Medium KEINE IRREF\u00dcHRENDE WERBUNG ZU BETREIBEN. Zu diesem Zweck gelten daher formale oder numerische Fehler, die im Inhalt der verschiedenen Abschnitte der Website von EMVIT GLOBAL auftreten k\u00f6nnen und die auf eine unvollst\u00e4ndige oder fehlerhafte Wartung und\/oder Aktualisierung der in diesen Abschnitten enthaltenen Informationen zur\u00fcckzuf\u00fchren sind, nicht als irref\u00fchrende Werbung. EMVIT GLOBAL verpflichtet sich, diese Fehler zu korrigieren, sobald sie Kenntnis von ihnen erlangt.C.- EMVIT GLOBAL se compromete a NO REMITIR COMUNICACIONES COMERCIALES SIN IDENTIFICARLAS COMO TALES, conforme a lo dispuesto en la Ley 34\/2002 de Servicios de la Sociedad de la Informaci\u00f3n y de comercio electr\u00f3nico. A estos efectos no ser\u00e1 considerado como comunicaci\u00f3n comercial toda la informaci\u00f3n que se env\u00ede a las personas interesadas siempre que tenga por finalidad el mantenimiento de la relaci\u00f3n existente, as\u00ed como el desempe\u00f1o de las tareas de informaci\u00f3n y otras actividades propias de la entidad.C.- EMVIT GLOBAL verpflichtet sich, KEINE GESCH\u00c4FTSMITTEILUNGEN ZU VERSENDEN, OHNE DIESE ALS SOLCHE ZU KENNZEICHNEN, gem\u00e4\u00df den Bestimmungen des Gesetzes 34\/2002 \u00fcber die Dienste der Informationsgesellschaft und den elektronischen Gesch\u00e4ftsverkehr. Zu diesem Zweck gilt nicht als kommerzielle Kommunikation jede Information, die an interessierte Personen gesendet wird, sofern sie dem Zweck der Aufrechterhaltung der bestehenden Beziehung sowie der Erf\u00fcllung der Aufgaben der Information und anderer Aktivit\u00e4ten der Einrichtung dient.D.- EMVIT GLOBAL no se hace responsable del incumplimiento de cualquier norma aplicable en que pueda incurrir el usuario\/a en su acceso este sitio web y\/o en el uso de las informaciones contenidas en el mismo.D.- EMVIT GLOBAL haftet nicht f\u00fcr die Nichteinhaltung von anwendbaren Vorschriften, die dem\/der Nutzer\/in beim Zugriff auf diese Website und\/oder bei der Nutzung der darin enthaltenen Informationen entstehen k\u00f6nnen.E.- EMVIT GLOBAL no ser\u00e1 responsable de los da\u00f1os y perjuicios producidos o que puedan producirse, cualquiera que sea su naturaleza, que se deriven del uso de la informaci\u00f3n, de las materias contenidas en este web site y de los programas que incorpora. Los enlaces (links) e hipertexto que posibiliten, a trav\u00e9s del sitio web, acceder al usuario\/a a prestaciones y servicios ofrecidos por terceros, no pertenecen ni se encuentran bajo el control de EMVIT GLOBAL. Dicha entidad no se hace responsable ni de la informaci\u00f3n contenida en los mismos, ni de cualesquiera efectos que pudieran derivarse de dicha informaci\u00f3n.E.- EMVIT GLOBAL haftet nicht f\u00fcr Sch\u00e4den und Verluste, die durch die Nutzung der Informationen, der auf dieser Website enthaltenen Materialien und der darin enthaltenen Programme entstehen oder entstehen k\u00f6nnen, unabh\u00e4ngig von ihrer Art. Die Links und Hypertexte, die es dem\/der Nutzer\/in \u00fcber die Website erm\u00f6glichen, auf Leistungen und Dienste zuzugreifen, die von Dritten angeboten werden, geh\u00f6ren nicht zu EMVIT GLOBAL und werden nicht von dieser kontrolliert. Dieses Unternehmen haftet weder f\u00fcr die darin enthaltenen Informationen noch f\u00fcr die Auswirkungen, die sich aus diesen Informationen ergeben k\u00f6nnen.F.- EMVIT GLOBAL no se hace responsable del uso ileg\u00edtimo que terceras personas puedan hacer de los nombres de marca, nombres de producto, marcas comerciales que, no siendo propiedad de dicha entidad, aparezcan en el presente sitio web. Tampoco se responsabiliza de la integridad, veracidad y licitud del contenido de los enlaces a las webs a las que pueda accederse desde el presente sitio web.F.- EMVIT GLOBAL haftet nicht f\u00fcr die unrechtm\u00e4\u00dfige Nutzung von Markennamen, Produktnamen, Warenzeichen, die nicht Eigentum dieses Unternehmens sind und auf dieser Website erscheinen, durch Dritte. Sie ist auch nicht verantwortlich f\u00fcr die Integrit\u00e4t, Richtigkeit und Rechtm\u00e4\u00dfigkeit des Inhalts der Links zu den Websites, auf die von dieser Website aus zugegriffen werden kann.G.- En definitiva, la persona usuaria es la \u00fanica responsable del uso que realice de los servicios, contenidos, enlaces (links) e hipertexto incluidos en el presente sitio web.G.- Zusammenfassend l\u00e4sst sich sagen, dass der\/die Nutzer\/in allein f\u00fcr die Nutzung der Dienste, Inhalte, Links und Hypertexte verantwortlich ist, die auf dieser Website enthalten sind. <\/p>\n\n<h2 class=\"wp-block-heading\">Geistiges Eigentum<\/h2>\n\n<p class=\"wp-block-paragraph\">Der Quellcode, die grafischen Designs, die Bilder, die Fotografien, die T\u00f6ne, die Animationen, die Software, die Texte sowie die Informationen und Inhalte, die auf dieser Website enthalten sind, sind durch die spanische Gesetzgebung \u00fcber geistiges und gewerbliches Eigentum zugunsten von EMVIT GLOBAL gesch\u00fctzt, und die vollst\u00e4ndige oder teilweise Vervielf\u00e4ltigung und\/oder Ver\u00f6ffentlichung der Website, ihre Computerverarbeitung, ihre Verbreitung, ihre Ver\u00f6ffentlichung, ihre \u00c4nderung, Umwandlung oder Dekompilierung sowie andere Rechte, die ihrem Inhaber gesetzlich zustehen, sind ohne die vorherige schriftliche Genehmigung von EMVIT GLOBAL nicht gestattet.<br\/>Der\/die Nutzer\/in darf das auf dieser Website enthaltene Material ausschlie\u00dflich f\u00fcr den pers\u00f6nlichen und privaten Gebrauch verwenden, wobei die Nutzung zu kommerziellen Zwecken oder zur Aus\u00fcbung illegaler Aktivit\u00e4ten untersagt ist. Alle Rechte, die sich aus dem geistigen Eigentum ergeben, sind ausdr\u00fccklich EMVIT GLOBAL vorbehalten. <\/p>\n\n<p class=\"wp-block-paragraph\">EMVIT GLOBAL wird sowohl die Einhaltung der vorstehenden Bedingungen als auch die ordnungsgem\u00e4\u00dfe Nutzung der auf ihren Webseiten pr\u00e4sentierten Inhalte \u00fcberwachen und alle zivil- und strafrechtlichen Schritte einleiten, die ihr im Falle eines Versto\u00dfes oder einer Nichteinhaltung dieser Rechte durch den\/die Nutzer\/in zustehen.<\/p>\n\n<h2 class=\"wp-block-heading\">Schutz personenbezogener Daten<\/h2>\n\n<p class=\"wp-block-paragraph\">Detaillierte Informationen \u00fcber die Verarbeitung Ihrer Daten finden Sie im Abschnitt \u201eDatenschutzrichtlinie\u201c auf dieser Website.<\/p>\n\n<h2 class=\"wp-block-heading\">Verschiedenes<\/h2>\n\n<p class=\"wp-block-paragraph\">A.- EMVIT GLOBAL kann die auf ihrer Website enthaltenen Informationen sowie deren Konfiguration und Darstellung ohne vorherige Ank\u00fcndigung \u00e4ndern.<\/p>\n\n<p class=\"wp-block-paragraph\">B.- EMVIT GLOBAL verpflichtet sich, \u00fcber dieses Medium KEINE IRREF\u00dcHRENDE WERBUNG ZU BETREIBEN. Zu diesem Zweck gelten daher formale oder numerische Fehler, die im Inhalt der verschiedenen Abschnitte der Website von EMVIT GLOBAL auftreten k\u00f6nnen und die auf eine unvollst\u00e4ndige oder fehlerhafte Wartung und\/oder Aktualisierung der in diesen Abschnitten enthaltenen Informationen zur\u00fcckzuf\u00fchren sind, nicht als irref\u00fchrende Werbung. EMVIT GLOBAL verpflichtet sich, diese Fehler zu korrigieren, sobald sie Kenntnis von ihnen erlangt.<\/p>\n\n<p class=\"wp-block-paragraph\">C.- EMVIT GLOBAL verpflichtet sich, KEINE GESCH\u00c4FTSMITTEILUNGEN ZU VERSENDEN, OHNE DIESE ALS SOLCHE ZU KENNZEICHNEN, gem\u00e4\u00df den Bestimmungen des Gesetzes 34\/2002 \u00fcber die Dienste der Informationsgesellschaft und den elektronischen Gesch\u00e4ftsverkehr. Zu diesem Zweck gilt nicht als kommerzielle Kommunikation jede Information, die an interessierte Personen gesendet wird, sofern sie dem Zweck der Aufrechterhaltung der bestehenden Beziehung sowie der Erf\u00fcllung der Aufgaben der Information und anderer Aktivit\u00e4ten der Einrichtung dient.<\/p>\n\n<p class=\"wp-block-paragraph\">D.- EMVIT GLOBAL haftet nicht f\u00fcr die Nichteinhaltung von anwendbaren Vorschriften, die dem\/der Nutzer\/in beim Zugriff auf diese Website und\/oder bei der Nutzung der darin enthaltenen Informationen entstehen k\u00f6nnen.<\/p>\n\n<p class=\"wp-block-paragraph\">E.- EMVIT GLOBAL haftet nicht f\u00fcr Sch\u00e4den und Verluste, die durch die Nutzung der Informationen, der auf dieser Website enthaltenen Materialien und der darin enthaltenen Programme entstehen oder entstehen k\u00f6nnen, unabh\u00e4ngig von ihrer Art. Die Links und Hypertexte, die es dem\/der Nutzer\/in \u00fcber die Website erm\u00f6glichen, auf Leistungen und Dienste zuzugreifen, die von Dritten angeboten werden, geh\u00f6ren nicht zu EMVIT GLOBAL und werden nicht von dieser kontrolliert. Dieses Unternehmen haftet weder f\u00fcr die darin enthaltenen Informationen noch f\u00fcr die Auswirkungen, die sich aus diesen Informationen ergeben k\u00f6nnen.<\/p>\n\n<p class=\"wp-block-paragraph\">F.- EMVIT GLOBAL haftet nicht f\u00fcr die unrechtm\u00e4\u00dfige Nutzung von Markennamen, Produktnamen, Warenzeichen, die nicht Eigentum dieses Unternehmens sind und auf dieser Website erscheinen, durch Dritte. Sie ist auch nicht verantwortlich f\u00fcr die Integrit\u00e4t, Richtigkeit und Rechtm\u00e4\u00dfigkeit des Inhalts der Links zu den Websites, auf die von dieser Website aus zugegriffen werden kann.<\/p>\n\n<p class=\"wp-block-paragraph\">G.- Zusammenfassend l\u00e4sst sich sagen, dass der\/die Nutzer\/in allein f\u00fcr die Nutzung der Dienste, Inhalte, Links und Hypertexte verantwortlich ist, die auf dieser Website enthalten sind.<\/p>\n\n<p class=\"wp-block-paragraph\"><\/p>\n","protected":false},"excerpt":{"rendered":"<p>Daten des Verantwortlichen In \u00dcbereinstimmung mit Artikel 10 des Gesetzes 34\/2002 vom 11. Juli \u00fcber die Dienste der Informationsgesellschaft und den elektronischen Gesch\u00e4ftsverkehr werden im Folgenden die Identifikationsdaten des Verantwortlichen aufgef\u00fchrt. Bezeichnung: EMVIT GLOBAL TECHNOLOGY SERVICES SL (EMVIT GLOBAL)C.I.F.: B19797208Sitz: Avda los Olmos, 1, Edif. D- IV B\u00fcro 142, 01013, Vitoria-Gasteiz (\u00c1lava-Araba)Eingetragen im Handelsregister von [&hellip;]<\/p>\n","protected":false},"author":1,"featured_media":0,"parent":0,"menu_order":0,"comment_status":"closed","ping_status":"closed","template":"page-templates\/page-sidebar-none.php","meta":{"_acf_changed":false,"footnotes":""},"class_list":["post-110","page","type-page","status-publish","hentry"],"acf":[],"yoast_head":"<!-- This site is optimized with the Yoast SEO plugin v27.3 - https:\/\/yoast.com\/product\/yoast-seo-wordpress\/ -->\n<title>Impressum - EMVIT<\/title>\n<meta name=\"robots\" content=\"index, follow, max-snippet:-1, max-image-preview:large, max-video-preview:-1\" \/>\n<link rel=\"canonical\" href=\"https:\/\/emvitglobal.com\/de\/impressum\/\" \/>\n<meta property=\"og:locale\" content=\"de_DE\" \/>\n<meta property=\"og:type\" content=\"article\" \/>\n<meta property=\"og:title\" content=\"Impressum - EMVIT\" \/>\n<meta property=\"og:description\" content=\"Daten des Verantwortlichen In \u00dcbereinstimmung mit Artikel 10 des Gesetzes 34\/2002 vom 11. Juli \u00fcber die Dienste der Informationsgesellschaft und den elektronischen Gesch\u00e4ftsverkehr werden im Folgenden die Identifikationsdaten des Verantwortlichen aufgef\u00fchrt. Bezeichnung: EMVIT GLOBAL TECHNOLOGY SERVICES SL (EMVIT GLOBAL)C.I.F.: B19797208Sitz: Avda los Olmos, 1, Edif. D- IV B\u00fcro 142, 01013, Vitoria-Gasteiz (\u00c1lava-Araba)Eingetragen im Handelsregister von [&hellip;]\" \/>\n<meta property=\"og:url\" content=\"https:\/\/emvitglobal.com\/de\/impressum\/\" \/>\n<meta property=\"og:site_name\" content=\"EMVIT\" \/>\n<meta property=\"article:modified_time\" content=\"2026-02-09T11:46:19+00:00\" \/>\n<meta property=\"og:image\" content=\"https:\/\/emvitglobal.com\/wp-content\/uploads\/2026\/01\/emvit-iso.png\" \/>\n\t<meta property=\"og:image:width\" content=\"400\" \/>\n\t<meta property=\"og:image:height\" content=\"397\" \/>\n\t<meta property=\"og:image:type\" content=\"image\/png\" \/>\n<meta name=\"twitter:card\" content=\"summary_large_image\" \/>\n<meta name=\"twitter:label1\" content=\"Gesch\u00e4tzte Lesezeit\" \/>\n\t<meta name=\"twitter:data1\" content=\"10\u00a0Minuten\" \/>\n<script type=\"application\/ld+json\" class=\"yoast-schema-graph\">{\"@context\":\"https:\\\/\\\/schema.org\",\"@graph\":[{\"@type\":\"WebPage\",\"@id\":\"https:\\\/\\\/emvitglobal.com\\\/de\\\/impressum\\\/\",\"url\":\"https:\\\/\\\/emvitglobal.com\\\/de\\\/impressum\\\/\",\"name\":\"Impressum - EMVIT\",\"isPartOf\":{\"@id\":\"https:\\\/\\\/emvitglobal.com\\\/#website\"},\"datePublished\":\"2026-01-15T11:24:01+00:00\",\"dateModified\":\"2026-02-09T11:46:19+00:00\",\"breadcrumb\":{\"@id\":\"https:\\\/\\\/emvitglobal.com\\\/de\\\/impressum\\\/#breadcrumb\"},\"inLanguage\":\"de\",\"potentialAction\":[{\"@type\":\"ReadAction\",\"target\":[\"https:\\\/\\\/emvitglobal.com\\\/de\\\/impressum\\\/\"]}]},{\"@type\":\"BreadcrumbList\",\"@id\":\"https:\\\/\\\/emvitglobal.com\\\/de\\\/impressum\\\/#breadcrumb\",\"itemListElement\":[{\"@type\":\"ListItem\",\"position\":1,\"name\":\"Portada\",\"item\":\"https:\\\/\\\/emvitglobal.com\\\/de\\\/startseite\\\/\"},{\"@type\":\"ListItem\",\"position\":2,\"name\":\"Impressum\"}]},{\"@type\":\"WebSite\",\"@id\":\"https:\\\/\\\/emvitglobal.com\\\/#website\",\"url\":\"https:\\\/\\\/emvitglobal.com\\\/\",\"name\":\"EMVIT\",\"description\":\"Spezialisierte SAP beratung\",\"publisher\":{\"@id\":\"https:\\\/\\\/emvitglobal.com\\\/#organization\"},\"potentialAction\":[{\"@type\":\"SearchAction\",\"target\":{\"@type\":\"EntryPoint\",\"urlTemplate\":\"https:\\\/\\\/emvitglobal.com\\\/?s={search_term_string}\"},\"query-input\":{\"@type\":\"PropertyValueSpecification\",\"valueRequired\":true,\"valueName\":\"search_term_string\"}}],\"inLanguage\":\"de\"},{\"@type\":\"Organization\",\"@id\":\"https:\\\/\\\/emvitglobal.com\\\/#organization\",\"name\":\"EMVIT\",\"url\":\"https:\\\/\\\/emvitglobal.com\\\/\",\"logo\":{\"@type\":\"ImageObject\",\"inLanguage\":\"de\",\"@id\":\"https:\\\/\\\/emvitglobal.com\\\/#\\\/schema\\\/logo\\\/image\\\/\",\"url\":\"https:\\\/\\\/emvitglobal.com\\\/wp-content\\\/uploads\\\/2026\\\/01\\\/emvit-iso.png\",\"contentUrl\":\"https:\\\/\\\/emvitglobal.com\\\/wp-content\\\/uploads\\\/2026\\\/01\\\/emvit-iso.png\",\"width\":400,\"height\":397,\"caption\":\"EMVIT\"},\"image\":{\"@id\":\"https:\\\/\\\/emvitglobal.com\\\/#\\\/schema\\\/logo\\\/image\\\/\"},\"sameAs\":[\"https:\\\/\\\/www.linkedin.com\\\/company\\\/emvit-global\"]}]}<\/script>\n<!-- \/ Yoast SEO plugin. -->","yoast_head_json":{"title":"Impressum - EMVIT","robots":{"index":"index","follow":"follow","max-snippet":"max-snippet:-1","max-image-preview":"max-image-preview:large","max-video-preview":"max-video-preview:-1"},"canonical":"https:\/\/emvitglobal.com\/de\/impressum\/","og_locale":"de_DE","og_type":"article","og_title":"Impressum - EMVIT","og_description":"Daten des Verantwortlichen In \u00dcbereinstimmung mit Artikel 10 des Gesetzes 34\/2002 vom 11. Juli \u00fcber die Dienste der Informationsgesellschaft und den elektronischen Gesch\u00e4ftsverkehr werden im Folgenden die Identifikationsdaten des Verantwortlichen aufgef\u00fchrt. Bezeichnung: EMVIT GLOBAL TECHNOLOGY SERVICES SL (EMVIT GLOBAL)C.I.F.: B19797208Sitz: Avda los Olmos, 1, Edif. D- IV B\u00fcro 142, 01013, Vitoria-Gasteiz (\u00c1lava-Araba)Eingetragen im Handelsregister von [&hellip;]","og_url":"https:\/\/emvitglobal.com\/de\/impressum\/","og_site_name":"EMVIT","article_modified_time":"2026-02-09T11:46:19+00:00","og_image":[{"width":400,"height":397,"url":"https:\/\/emvitglobal.com\/wp-content\/uploads\/2026\/01\/emvit-iso.png","type":"image\/png"}],"twitter_card":"summary_large_image","twitter_misc":{"Gesch\u00e4tzte Lesezeit":"10\u00a0Minuten"},"schema":{"@context":"https:\/\/schema.org","@graph":[{"@type":"WebPage","@id":"https:\/\/emvitglobal.com\/de\/impressum\/","url":"https:\/\/emvitglobal.com\/de\/impressum\/","name":"Impressum - EMVIT","isPartOf":{"@id":"https:\/\/emvitglobal.com\/#website"},"datePublished":"2026-01-15T11:24:01+00:00","dateModified":"2026-02-09T11:46:19+00:00","breadcrumb":{"@id":"https:\/\/emvitglobal.com\/de\/impressum\/#breadcrumb"},"inLanguage":"de","potentialAction":[{"@type":"ReadAction","target":["https:\/\/emvitglobal.com\/de\/impressum\/"]}]},{"@type":"BreadcrumbList","@id":"https:\/\/emvitglobal.com\/de\/impressum\/#breadcrumb","itemListElement":[{"@type":"ListItem","position":1,"name":"Portada","item":"https:\/\/emvitglobal.com\/de\/startseite\/"},{"@type":"ListItem","position":2,"name":"Impressum"}]},{"@type":"WebSite","@id":"https:\/\/emvitglobal.com\/#website","url":"https:\/\/emvitglobal.com\/","name":"EMVIT","description":"Spezialisierte SAP beratung","publisher":{"@id":"https:\/\/emvitglobal.com\/#organization"},"potentialAction":[{"@type":"SearchAction","target":{"@type":"EntryPoint","urlTemplate":"https:\/\/emvitglobal.com\/?s={search_term_string}"},"query-input":{"@type":"PropertyValueSpecification","valueRequired":true,"valueName":"search_term_string"}}],"inLanguage":"de"},{"@type":"Organization","@id":"https:\/\/emvitglobal.com\/#organization","name":"EMVIT","url":"https:\/\/emvitglobal.com\/","logo":{"@type":"ImageObject","inLanguage":"de","@id":"https:\/\/emvitglobal.com\/#\/schema\/logo\/image\/","url":"https:\/\/emvitglobal.com\/wp-content\/uploads\/2026\/01\/emvit-iso.png","contentUrl":"https:\/\/emvitglobal.com\/wp-content\/uploads\/2026\/01\/emvit-iso.png","width":400,"height":397,"caption":"EMVIT"},"image":{"@id":"https:\/\/emvitglobal.com\/#\/schema\/logo\/image\/"},"sameAs":["https:\/\/www.linkedin.com\/company\/emvit-global"]}]}},"_links":{"self":[{"href":"https:\/\/emvitglobal.com\/de\/wp-json\/wp\/v2\/pages\/110","targetHints":{"allow":["GET"]}}],"collection":[{"href":"https:\/\/emvitglobal.com\/de\/wp-json\/wp\/v2\/pages"}],"about":[{"href":"https:\/\/emvitglobal.com\/de\/wp-json\/wp\/v2\/types\/page"}],"author":[{"embeddable":true,"href":"https:\/\/emvitglobal.com\/de\/wp-json\/wp\/v2\/users\/1"}],"replies":[{"embeddable":true,"href":"https:\/\/emvitglobal.com\/de\/wp-json\/wp\/v2\/comments?post=110"}],"version-history":[{"count":4,"href":"https:\/\/emvitglobal.com\/de\/wp-json\/wp\/v2\/pages\/110\/revisions"}],"predecessor-version":[{"id":174,"href":"https:\/\/emvitglobal.com\/de\/wp-json\/wp\/v2\/pages\/110\/revisions\/174"}],"wp:attachment":[{"href":"https:\/\/emvitglobal.com\/de\/wp-json\/wp\/v2\/media?parent=110"}],"curies":[{"name":"wp","href":"https:\/\/api.w.org\/{rel}","templated":true}]}}