{"id":106,"date":"2026-01-15T12:23:28","date_gmt":"2026-01-15T11:23:28","guid":{"rendered":"https:\/\/emvitglobal.com\/datenschutzbestimmungen\/"},"modified":"2026-02-03T14:07:29","modified_gmt":"2026-02-03T13:07:29","slug":"datenschutzerklarung","status":"publish","type":"page","link":"https:\/\/emvitglobal.com\/de\/datenschutzerklarung\/","title":{"rendered":"Datenschutzbestimmungen"},"content":{"rendered":"\n<h2 class=\"wp-block-heading\">WER IST F\u00dcR DIE VERARBEITUNG IHRER DATEN VERANTWORTLICH?<\/h2>\n\n<p class=\"wp-block-paragraph\">Name: EMVIT GLOBAL TECHNOLOGY SERVICES SL (EMVIT GLOBAL)<br\/>Steuernummer (C.I.F.): B19797208<br\/>Adresse: Avda los Olmos, 1, Geb\u00e4ude D-IV, B\u00fcro 142, 01013, Vitoria-Gasteiz (\u00c1lava-Araba)<br\/>Eintragung: Eingetragen im Handelsregister von \u00c1lava, Blatt VI-21801, Abschnitt -8, erste Eintragung<br\/>E-Mail: mikel.ortega@emvitglobal.com <\/p>\n\n<h2 class=\"wp-block-heading\">ZU WELCHEM ZWECK VERARBEITEN WIR IHRE PERSONENBEZOGENEN DATEN?<\/h2>\n\n<p class=\"wp-block-paragraph\">Gem\u00e4\u00df der Verordnung (EU) 2016\/679 und dem spanischen Datenschutzgesetz Ley Org\u00e1nica 3\/2018 vom 5. Dezember \u00fcber den Schutz personenbezogener Daten und die Gew\u00e4hrleistung digitaler Rechte informieren wir Sie, dass die von Ihnen bereitgestellten personenbezogenen Daten sowie diejenigen, die im Verlauf der Beziehung mit Ihnen entstehen, zu folgenden Zwecken verarbeitet werden:<\/p>\n\n<h3 class=\"wp-block-heading\">Daten, die zur Inanspruchnahme des Dienstes bereitgestellt wurden:<\/h3>\n\n<ul class=\"wp-block-list\">\n<li>Verwaltung, Bearbeitung, Versand und Nachverfolgung des bereitgestellten Dienstes.<br\/><\/li>\n\n\n\n<li>Kontaktaufnahme mit dem Nutzer, um den Vertragsabschluss abzuschlie\u00dfen.<br\/><\/li>\n\n\n\n<li>Durchf\u00fchrung von Qualit\u00e4ts- und Zufriedenheitsumfragen.<br\/><\/li>\n\n\n\n<li>Versand personalisierter kommerzieller Mitteilungen \u00fcber unsere Produkte und Dienstleistungen \u00fcber jegliche von Ihnen bereitgestellten Kommunikationsmittel.<br\/><\/li>\n\n\n\n<li>Analyse der Nutzung der Website sowie \u00dcberpr\u00fcfung der Pr\u00e4ferenzen und Verhaltensweisen der Nutzer.<br\/><\/li>\n\n\n\n<li>Analyse der Nutzung der Website sowie \u00dcberpr\u00fcfung der Pr\u00e4ferenzen und Verhaltensweisen der Nutzer.<br\/><\/li>\n\n\n\n<li>Erm\u00f6glichung der Teilnahme an Werbeaktionen und\/oder Gewinnspielen.<br\/>Buchhalterische, steuerliche und administrative Verwaltung.<\/li>\n<\/ul>\n\n<h3 class=\"wp-block-heading\">Daten, die \u00fcber den Kontakt mit dieser Einrichtung bereitgestellt wurden:<br\/><\/h3>\n\n<ul class=\"wp-block-list\">\n<li>Verwaltung, Bearbeitung und Beantwortung Ihrer Anfragen, Antr\u00e4ge, Vorf\u00e4lle oder Fragen.<br\/><\/li>\n\n\n\n<li>Angebot von Produkten und Dienstleistungen.<br\/><\/li>\n\n\n\n<li>Analyse der Nutzung der Website sowie \u00dcberpr\u00fcfung der Pr\u00e4ferenzen und Verhaltensweisen der Nutzer.<br\/><\/li>\n<\/ul>\n\n<h3 class=\"wp-block-heading\">Daten, die f\u00fcr die Teilnahme an Personalbeschaffungsprozessen oder Initiativbewerbungen bereitgestellt wurden:<\/h3>\n\n<ul class=\"wp-block-list\">\n<li>Bewertung Ihrer Bewerbung im Rahmen von Auswahlverfahren.<\/li>\n<\/ul>\n\n<h2 class=\"wp-block-heading\">WIE LANGE WERDEN IHRE DATEN AUFBEWAHRT?<br\/><\/h2>\n\n<p class=\"wp-block-paragraph\">Die bereitgestellten personenbezogenen Daten werden aufbewahrt, solange der betroffenen Person nicht deren L\u00f6schung verlangt wird oder solange sie f\u00fcr den Zweck, f\u00fcr den sie erhoben oder registriert wurden, erforderlich sind \u2013 einschlie\u00dflich der Notwendigkeit, sie f\u00fcr die geltenden Verj\u00e4hrungsfristen aufzubewahren.<\/p>\n\n<p class=\"wp-block-paragraph\">Die Aufbewahrung der Daten unterliegt der gesetzlichen Verpflichtung von EMVIT GLOBAL, diese zu bewahren. Nach Ablauf dieser Fristen werden die Daten gel\u00f6scht oder vernichtet, sodass die enthaltenen Informationen nicht wiederhergestellt werden k\u00f6nnen. <\/p>\n\n<h2 class=\"wp-block-heading\">RECHTSGRUNDLAGE<br\/><\/h2>\n\n<p class=\"wp-block-paragraph\">Die Rechtsgrundlage f\u00fcr die Verarbeitung Ihrer Daten ist die von der betroffenen Person erteilte Einwilligung. Diese wird ausdr\u00fccklich und eindeutig durch das Ausf\u00fcllen und gegebenenfalls Versenden der Dokumente und Formulare auf Papier oder elektronisch eingeholt, in denen Ihre Daten erhoben werden. In allen Dokumenten der Einrichtung, die zur Datenerhebung f\u00fcr unterschiedliche Zwecke verwendet werden, sind Informationsklauseln gem\u00e4\u00df den Datenschutzbestimmungen enthalten, und die Einwilligung wird durch die Unterschrift der betroffenen Person oder das Absenden der Formulare auf der Website ausdr\u00fccklich erteilt.  <br\/>Eine weitere Rechtsgrundlage ist, dass die Verarbeitung zur Erf\u00fcllung eines Vertrags oder zur Erbringung eines Dienstes, der den betroffenen Personen angeboten wird, oder zur Durchf\u00fchrung vorvertraglicher Ma\u00dfnahmen erforderlich ist (Art. 6 Abs. 1 a und b DSGVO).<br\/><br\/>EMVIT GLOBAL ist auch berechtigt, Ihre Daten zur Erf\u00fcllung gesetzlicher Verpflichtungen sowie zur Wahrung berechtigter Interessen zu verarbeiten, solange diese nicht die Interessen oder Grundrechte der betroffenen Personen \u00fcberwiegen.<br\/>Wurde die Einwilligung als Rechtsgrundlage erteilt, kann sie jederzeit widerrufen werden.<\/p>\n\n<h2 class=\"wp-block-heading\">AN WELCHE EMPF\u00c4NGER WERDEN IHRE DATEN \u00dcBERMITTELT?<br\/><\/h2>\n\n<p class=\"wp-block-paragraph\">Ihre Daten werden ohne Ihre Einwilligung an keine andere Stelle weitergegeben, es sei denn, gesetzlich ist eine Weitergabe vorgesehen. In diesem Fall wird Ihre ausdr\u00fcckliche Einwilligung eingeholt.<br\/>Aufgrund der genehmigten Zwecke k\u00f6nnen Ihre Daten an Stellen oder Personen \u00fcbermittelt werden, die direkt mit EMVIT GLOBAL und den von ihr erbrachten Dienstleistungen in Verbindung stehen. Ihre personenbezogenen Daten stehen au\u00dferdem den \u00f6ffentlichen Verwaltungen, Richtern und Gerichten zur Verf\u00fcgung, um m\u00f6gliche Verantwortlichkeiten aus der Verarbeitung zu erf\u00fcllen, sofern diese \u00dcbermittlungen gesetzlich gedeckt sind.<br\/>Ihre Daten k\u00f6nnen auch an Unternehmen weitergegeben werden, die uns Dienstleistungen wie Beratung, IT-Wartung, Marketing, Schulung oder Pr\u00fcfung erbringen. Diese Unternehmen haben nur Zugriff auf die f\u00fcr die Durchf\u00fchrung dieser Dienstleistungen erforderlichen personenbezogenen Daten und sind durch Vertr\u00e4ge verpflichtet, die Vertraulichkeit zu wahren, die Daten nicht f\u00fcr andere Zwecke zu verwenden und Ma\u00dfnahmen zur Sicherstellung der Integrit\u00e4t und Verf\u00fcgbarkeit zu treffen.<br\/>Internationale Daten\u00fcbermittlungen au\u00dferhalb der Europ\u00e4ischen Union oder an Stellen, die nicht den Datenschutzstandards der Verordnung (EU) 679\/2016 entsprechen, sind nicht vorgesehen.   <\/p>\n\n<h2 class=\"wp-block-heading\">WELCHE KATEGORIEN VON DATEN VERARBEITET EMVIT GLOBAL?<\/h2>\n\n<p class=\"wp-block-paragraph\">Die verarbeiteten Daten sind diejenigen, die zur Erf\u00fcllung der von der betroffenen Person genehmigten Zwecke erforderlich sind.<\/p>\n\n<p class=\"wp-block-paragraph\"><strong>Zur Inanspruchnahme des Dienstes:<br\/><\/strong><\/p>\n\n<ul class=\"wp-block-list\">\n<li>Identifikationsdaten: Name, Nachname, Personalausweisnummer (DNI)<br\/><\/li>\n\n\n\n<li>Kontaktdaten: E-Mail-Adresse, Telefonnummer, Postadresse<br\/><\/li>\n\n\n\n<li>Transaktionsdaten: erworbene Produkte und Dienstleistungen<br\/><\/li>\n\n\n\n<li>Finanzdaten: Bankkarte<br\/><\/li>\n\n\n\n<li>Navigationsdaten<br\/><\/li>\n<\/ul>\n\n<p class=\"wp-block-paragraph\"><\/p>\n\n<p class=\"wp-block-paragraph\"><strong>Daten, die \u00fcber den Kontakt mit dieser Einrichtung bereitgestellt wurden:<\/strong><\/p>\n\n<ul class=\"wp-block-list\">\n<li>Identifikationsdaten: Name, Nachname<br\/><\/li>\n\n\n\n<li>Kontaktdaten: E-Mail-Adresse<br\/><\/li>\n\n\n\n<li>Navigationsdaten<br\/><\/li>\n<\/ul>\n\n<p class=\"wp-block-paragraph\"><\/p>\n\n<p class=\"wp-block-paragraph\"><strong>Daten f\u00fcr Personalbeschaffungsprozesse oder Initiativbewerbungen:<br\/><br\/><br\/><\/strong><\/p>\n\n<ul class=\"wp-block-list\">\n<li>Identifikationsdaten: Name, Nachname<br\/><\/li>\n\n\n\n<li>Kontaktdaten: E-Mail-Adresse<br\/><\/li>\n\n\n\n<li>Navigationsdaten<br\/><\/li>\n\n\n\n<li>Sonstige Angaben im Lebenslauf<br\/><\/li>\n<\/ul>\n\n<p class=\"wp-block-paragraph\"><\/p>\n\n<p class=\"wp-block-paragraph\">Falls der Nutzer Daten Dritter bereitstellt, best\u00e4tigt er, dass deren Einwilligung vorliegt, und verpflichtet sich, diese \u00fcber die Informationen in der Datenschutzrichtlinie zu informieren.<\/p>\n\n<h2 class=\"wp-block-heading\">WELCHE RECHTE HABEN SIE?<\/h2>\n\n<p class=\"wp-block-paragraph\">Jede Person hat das Recht, eine Best\u00e4tigung dar\u00fcber zu erhalten, ob EMVIT GLOBAL personenbezogene Daten \u00fcber sie verarbeitet oder nicht.<\/p>\n\n<p class=\"wp-block-paragraph\">Betroffene Personen haben das Recht, auf ihre Daten zuzugreifen, eine Kopie der verarbeiteten Daten zu erhalten, diese zu aktualisieren, unrichtige Daten berichtigen zu lassen oder deren L\u00f6schung zu verlangen, wenn die Daten z.\u202fB. f\u00fcr die Zwecke, f\u00fcr die sie erhoben wurden, nicht mehr erforderlich sind.<br\/><\/p>\n\n<p class=\"wp-block-paragraph\">Unter bestimmten Umst\u00e4nden k\u00f6nnen Betroffene der Verarbeitung ihrer Daten widersprechen. EMVIT GLOBAL wird die Verarbeitung einstellen, au\u00dfer aus legitimen Gr\u00fcnden oder zur Geltendmachung, Aus\u00fcbung oder Verteidigung von Anspr\u00fcchen.<br\/> <\/p>\n\n<p class=\"wp-block-paragraph\">Betroffene k\u00f6nnen auch die Einschr\u00e4nkung der Verarbeitung gem\u00e4\u00df Art. 18 DSGVO verlangen; EMVIT GLOBAL verarbeitet die Daten dann nur mit Zustimmung der betroffenen Person oder zur Geltendmachung, Aus\u00fcbung oder Verteidigung von Anspr\u00fcchen, zum Schutz der Rechte Dritter oder aus wichtigem \u00f6ffentlichem Interesse.<br\/><\/p>\n\n<p class=\"wp-block-paragraph\">Aufgrund des Rechts auf L\u00f6schung bzw. Widerspruch im Online-Bereich haben Betroffene das Recht auf Vergessenwerden gem\u00e4\u00df der Rechtsprechung des EuGH.<br\/><\/p>\n\n<p class=\"wp-block-paragraph\">Nach dem Recht auf Daten\u00fcbertragbarkeit haben Betroffene das Recht, ihre personenbezogenen Daten in einem strukturierten, g\u00e4ngigen und maschinenlesbaren Format zu erhalten und an einen anderen Verantwortlichen zu \u00fcbermitteln.<br\/><\/p>\n\n<p class=\"wp-block-paragraph\">Jede betroffene Person hat das Recht, keiner ausschlie\u00dflich auf einer automatisierten Verarbeitung, einschlie\u00dflich Profiling, beruhenden Entscheidung unterworfen zu werden, die rechtliche Folgen hat oder sie \u00e4hnlich erheblich beeintr\u00e4chtigt, au\u00dfer in den Ausnahmen des Art. 22 Abs. 1 DSGVO.<br\/><\/p>\n\n<p class=\"wp-block-paragraph\">Die betroffene Person hat das Recht auf L\u00f6schung ihrer Daten, wenn der Zweck der Verarbeitung entf\u00e4llt, die Einwilligung widerrufen wird oder andere in Art. 17 DSGVO genannte Gr\u00fcnde vorliegen. Die L\u00f6schung erfolgt durch umfassendes L\u00f6schen der automatisierten Datentr\u00e4ger und physische Vernichtung der nicht automatisierten Datentr\u00e4ger. <\/p>\n\n<h2 class=\"wp-block-heading\">WIE K\u00d6NNEN SIE IHRE RECHTE AUS\u00dcBEN?<br\/><\/h2>\n\n<p class=\"wp-block-paragraph\">Durch ein schriftliches Ersuchen an die oben genannten Kontaktdaten.<\/p>\n\n<h2 class=\"wp-block-heading\">WELCHE BESCHWERDEM\u00d6GLICHKEITEN GIBT ES?<br\/><\/h2>\n\n<p class=\"wp-block-paragraph\">Wenn Sie der Meinung sind, dass Ihre Rechte nicht ordnungsgem\u00e4\u00df beachtet wurden, k\u00f6nnen Sie eine Beschwerde bei der Spanischen Datenschutzbeh\u00f6rde (Agencia Espa\u00f1ola de Protecci\u00f3n de Datos) einreichen:<br\/>Telefon: 900 293 183 \/ 900 293 621<br\/>Elektronische Niederlassung: https:\/\/sedeagpd.gob.es\/sede-electronica-web\/vistas\/infoSede\/inicioCiudadano.jsf<br\/>Postanschrift: C\/ Jorge Juan, 6, 28001, Madrid <\/p>\n\n<p class=\"wp-block-paragraph\"><\/p>\n","protected":false},"excerpt":{"rendered":"<p>WER IST F\u00dcR DIE VERARBEITUNG IHRER DATEN VERANTWORTLICH? Name: EMVIT GLOBAL TECHNOLOGY SERVICES SL (EMVIT GLOBAL)Steuernummer (C.I.F.): B19797208Adresse: Avda los Olmos, 1, Geb\u00e4ude D-IV, B\u00fcro 142, 01013, Vitoria-Gasteiz (\u00c1lava-Araba)Eintragung: Eingetragen im Handelsregister von \u00c1lava, Blatt VI-21801, Abschnitt -8, erste EintragungE-Mail: mikel.ortega@emvitglobal.com ZU WELCHEM ZWECK VERARBEITEN WIR IHRE PERSONENBEZOGENEN DATEN? Gem\u00e4\u00df der Verordnung (EU) 2016\/679 und [&hellip;]<\/p>\n","protected":false},"author":1,"featured_media":0,"parent":0,"menu_order":0,"comment_status":"closed","ping_status":"closed","template":"page-templates\/page-sidebar-none.php","meta":{"_acf_changed":false,"footnotes":""},"class_list":["post-106","page","type-page","status-publish","hentry"],"acf":[],"yoast_head":"<!-- This site is optimized with the Yoast SEO plugin v27.3 - https:\/\/yoast.com\/product\/yoast-seo-wordpress\/ -->\n<title>Datenschutzbestimmungen - EMVIT<\/title>\n<meta name=\"robots\" content=\"index, follow, max-snippet:-1, max-image-preview:large, max-video-preview:-1\" \/>\n<link rel=\"canonical\" href=\"https:\/\/emvitglobal.com\/de\/datenschutzerklarung\/\" \/>\n<meta property=\"og:locale\" content=\"de_DE\" \/>\n<meta property=\"og:type\" content=\"article\" \/>\n<meta property=\"og:title\" content=\"Datenschutzbestimmungen - EMVIT\" \/>\n<meta property=\"og:description\" content=\"WER IST F\u00dcR DIE VERARBEITUNG IHRER DATEN VERANTWORTLICH? Name: EMVIT GLOBAL TECHNOLOGY SERVICES SL (EMVIT GLOBAL)Steuernummer (C.I.F.): B19797208Adresse: Avda los Olmos, 1, Geb\u00e4ude D-IV, B\u00fcro 142, 01013, Vitoria-Gasteiz (\u00c1lava-Araba)Eintragung: Eingetragen im Handelsregister von \u00c1lava, Blatt VI-21801, Abschnitt -8, erste EintragungE-Mail: mikel.ortega@emvitglobal.com ZU WELCHEM ZWECK VERARBEITEN WIR IHRE PERSONENBEZOGENEN DATEN? Gem\u00e4\u00df der Verordnung (EU) 2016\/679 und [&hellip;]\" \/>\n<meta property=\"og:url\" content=\"https:\/\/emvitglobal.com\/de\/datenschutzerklarung\/\" \/>\n<meta property=\"og:site_name\" content=\"EMVIT\" \/>\n<meta property=\"article:modified_time\" content=\"2026-02-03T13:07:29+00:00\" \/>\n<meta property=\"og:image\" content=\"https:\/\/emvitglobal.com\/wp-content\/uploads\/2026\/01\/emvit-iso.png\" \/>\n\t<meta property=\"og:image:width\" content=\"400\" \/>\n\t<meta property=\"og:image:height\" content=\"397\" \/>\n\t<meta property=\"og:image:type\" content=\"image\/png\" \/>\n<meta name=\"twitter:card\" content=\"summary_large_image\" \/>\n<meta name=\"twitter:label1\" content=\"Gesch\u00e4tzte Lesezeit\" \/>\n\t<meta name=\"twitter:data1\" content=\"6\u00a0Minuten\" \/>\n<script type=\"application\/ld+json\" class=\"yoast-schema-graph\">{\"@context\":\"https:\\\/\\\/schema.org\",\"@graph\":[{\"@type\":\"WebPage\",\"@id\":\"https:\\\/\\\/emvitglobal.com\\\/de\\\/datenschutzerklarung\\\/\",\"url\":\"https:\\\/\\\/emvitglobal.com\\\/de\\\/datenschutzerklarung\\\/\",\"name\":\"Datenschutzbestimmungen - EMVIT\",\"isPartOf\":{\"@id\":\"https:\\\/\\\/emvitglobal.com\\\/#website\"},\"datePublished\":\"2026-01-15T11:23:28+00:00\",\"dateModified\":\"2026-02-03T13:07:29+00:00\",\"breadcrumb\":{\"@id\":\"https:\\\/\\\/emvitglobal.com\\\/de\\\/datenschutzerklarung\\\/#breadcrumb\"},\"inLanguage\":\"de\",\"potentialAction\":[{\"@type\":\"ReadAction\",\"target\":[\"https:\\\/\\\/emvitglobal.com\\\/de\\\/datenschutzerklarung\\\/\"]}]},{\"@type\":\"BreadcrumbList\",\"@id\":\"https:\\\/\\\/emvitglobal.com\\\/de\\\/datenschutzerklarung\\\/#breadcrumb\",\"itemListElement\":[{\"@type\":\"ListItem\",\"position\":1,\"name\":\"Portada\",\"item\":\"https:\\\/\\\/emvitglobal.com\\\/de\\\/startseite\\\/\"},{\"@type\":\"ListItem\",\"position\":2,\"name\":\"Datenschutzbestimmungen\"}]},{\"@type\":\"WebSite\",\"@id\":\"https:\\\/\\\/emvitglobal.com\\\/#website\",\"url\":\"https:\\\/\\\/emvitglobal.com\\\/\",\"name\":\"EMVIT\",\"description\":\"Spezialisierte SAP beratung\",\"publisher\":{\"@id\":\"https:\\\/\\\/emvitglobal.com\\\/#organization\"},\"potentialAction\":[{\"@type\":\"SearchAction\",\"target\":{\"@type\":\"EntryPoint\",\"urlTemplate\":\"https:\\\/\\\/emvitglobal.com\\\/?s={search_term_string}\"},\"query-input\":{\"@type\":\"PropertyValueSpecification\",\"valueRequired\":true,\"valueName\":\"search_term_string\"}}],\"inLanguage\":\"de\"},{\"@type\":\"Organization\",\"@id\":\"https:\\\/\\\/emvitglobal.com\\\/#organization\",\"name\":\"EMVIT\",\"url\":\"https:\\\/\\\/emvitglobal.com\\\/\",\"logo\":{\"@type\":\"ImageObject\",\"inLanguage\":\"de\",\"@id\":\"https:\\\/\\\/emvitglobal.com\\\/#\\\/schema\\\/logo\\\/image\\\/\",\"url\":\"https:\\\/\\\/emvitglobal.com\\\/wp-content\\\/uploads\\\/2026\\\/01\\\/emvit-iso.png\",\"contentUrl\":\"https:\\\/\\\/emvitglobal.com\\\/wp-content\\\/uploads\\\/2026\\\/01\\\/emvit-iso.png\",\"width\":400,\"height\":397,\"caption\":\"EMVIT\"},\"image\":{\"@id\":\"https:\\\/\\\/emvitglobal.com\\\/#\\\/schema\\\/logo\\\/image\\\/\"},\"sameAs\":[\"https:\\\/\\\/www.linkedin.com\\\/company\\\/emvit-global\"]}]}<\/script>\n<!-- \/ Yoast SEO plugin. -->","yoast_head_json":{"title":"Datenschutzbestimmungen - EMVIT","robots":{"index":"index","follow":"follow","max-snippet":"max-snippet:-1","max-image-preview":"max-image-preview:large","max-video-preview":"max-video-preview:-1"},"canonical":"https:\/\/emvitglobal.com\/de\/datenschutzerklarung\/","og_locale":"de_DE","og_type":"article","og_title":"Datenschutzbestimmungen - EMVIT","og_description":"WER IST F\u00dcR DIE VERARBEITUNG IHRER DATEN VERANTWORTLICH? Name: EMVIT GLOBAL TECHNOLOGY SERVICES SL (EMVIT GLOBAL)Steuernummer (C.I.F.): B19797208Adresse: Avda los Olmos, 1, Geb\u00e4ude D-IV, B\u00fcro 142, 01013, Vitoria-Gasteiz (\u00c1lava-Araba)Eintragung: Eingetragen im Handelsregister von \u00c1lava, Blatt VI-21801, Abschnitt -8, erste EintragungE-Mail: mikel.ortega@emvitglobal.com ZU WELCHEM ZWECK VERARBEITEN WIR IHRE PERSONENBEZOGENEN DATEN? Gem\u00e4\u00df der Verordnung (EU) 2016\/679 und [&hellip;]","og_url":"https:\/\/emvitglobal.com\/de\/datenschutzerklarung\/","og_site_name":"EMVIT","article_modified_time":"2026-02-03T13:07:29+00:00","og_image":[{"width":400,"height":397,"url":"https:\/\/emvitglobal.com\/wp-content\/uploads\/2026\/01\/emvit-iso.png","type":"image\/png"}],"twitter_card":"summary_large_image","twitter_misc":{"Gesch\u00e4tzte Lesezeit":"6\u00a0Minuten"},"schema":{"@context":"https:\/\/schema.org","@graph":[{"@type":"WebPage","@id":"https:\/\/emvitglobal.com\/de\/datenschutzerklarung\/","url":"https:\/\/emvitglobal.com\/de\/datenschutzerklarung\/","name":"Datenschutzbestimmungen - EMVIT","isPartOf":{"@id":"https:\/\/emvitglobal.com\/#website"},"datePublished":"2026-01-15T11:23:28+00:00","dateModified":"2026-02-03T13:07:29+00:00","breadcrumb":{"@id":"https:\/\/emvitglobal.com\/de\/datenschutzerklarung\/#breadcrumb"},"inLanguage":"de","potentialAction":[{"@type":"ReadAction","target":["https:\/\/emvitglobal.com\/de\/datenschutzerklarung\/"]}]},{"@type":"BreadcrumbList","@id":"https:\/\/emvitglobal.com\/de\/datenschutzerklarung\/#breadcrumb","itemListElement":[{"@type":"ListItem","position":1,"name":"Portada","item":"https:\/\/emvitglobal.com\/de\/startseite\/"},{"@type":"ListItem","position":2,"name":"Datenschutzbestimmungen"}]},{"@type":"WebSite","@id":"https:\/\/emvitglobal.com\/#website","url":"https:\/\/emvitglobal.com\/","name":"EMVIT","description":"Spezialisierte SAP beratung","publisher":{"@id":"https:\/\/emvitglobal.com\/#organization"},"potentialAction":[{"@type":"SearchAction","target":{"@type":"EntryPoint","urlTemplate":"https:\/\/emvitglobal.com\/?s={search_term_string}"},"query-input":{"@type":"PropertyValueSpecification","valueRequired":true,"valueName":"search_term_string"}}],"inLanguage":"de"},{"@type":"Organization","@id":"https:\/\/emvitglobal.com\/#organization","name":"EMVIT","url":"https:\/\/emvitglobal.com\/","logo":{"@type":"ImageObject","inLanguage":"de","@id":"https:\/\/emvitglobal.com\/#\/schema\/logo\/image\/","url":"https:\/\/emvitglobal.com\/wp-content\/uploads\/2026\/01\/emvit-iso.png","contentUrl":"https:\/\/emvitglobal.com\/wp-content\/uploads\/2026\/01\/emvit-iso.png","width":400,"height":397,"caption":"EMVIT"},"image":{"@id":"https:\/\/emvitglobal.com\/#\/schema\/logo\/image\/"},"sameAs":["https:\/\/www.linkedin.com\/company\/emvit-global"]}]}},"_links":{"self":[{"href":"https:\/\/emvitglobal.com\/de\/wp-json\/wp\/v2\/pages\/106","targetHints":{"allow":["GET"]}}],"collection":[{"href":"https:\/\/emvitglobal.com\/de\/wp-json\/wp\/v2\/pages"}],"about":[{"href":"https:\/\/emvitglobal.com\/de\/wp-json\/wp\/v2\/types\/page"}],"author":[{"embeddable":true,"href":"https:\/\/emvitglobal.com\/de\/wp-json\/wp\/v2\/users\/1"}],"replies":[{"embeddable":true,"href":"https:\/\/emvitglobal.com\/de\/wp-json\/wp\/v2\/comments?post=106"}],"version-history":[{"count":3,"href":"https:\/\/emvitglobal.com\/de\/wp-json\/wp\/v2\/pages\/106\/revisions"}],"predecessor-version":[{"id":168,"href":"https:\/\/emvitglobal.com\/de\/wp-json\/wp\/v2\/pages\/106\/revisions\/168"}],"wp:attachment":[{"href":"https:\/\/emvitglobal.com\/de\/wp-json\/wp\/v2\/media?parent=106"}],"curies":[{"name":"wp","href":"https:\/\/api.w.org\/{rel}","templated":true}]}}